{"id":25242,"date":"2023-06-24T06:21:10","date_gmt":"2023-06-24T06:21:10","guid":{"rendered":"https:\/\/air.esi.uclm.es\/rehab\/?page_id=25242"},"modified":"2025-07-21T19:56:23","modified_gmt":"2025-07-21T19:56:23","slug":"publications","status":"publish","type":"page","link":"https:\/\/air.esi.uclm.es\/rehab\/index.php\/publications\/","title":{"rendered":"Publications"},"content":{"rendered":"\t\t<div data-elementor-type=\"wp-post\" data-elementor-id=\"25242\" class=\"elementor elementor-25242\">\n\t\t\t\t\t\t<section class=\"elementor-section elementor-top-section elementor-element elementor-element-32cc8b1e elementor-section-boxed elementor-section-height-default elementor-section-height-default\" data-id=\"32cc8b1e\" data-element_type=\"section\" data-settings=\"{&quot;background_background&quot;:&quot;gradient&quot;}\">\n\t\t\t\t\t\t<div class=\"elementor-container elementor-column-gap-default\">\n\t\t\t\t\t<div class=\"elementor-column elementor-col-100 elementor-top-column elementor-element elementor-element-207fde47\" data-id=\"207fde47\" data-element_type=\"column\">\n\t\t\t<div class=\"elementor-widget-wrap elementor-element-populated\">\n\t\t\t\t\t\t<div class=\"elementor-element elementor-element-bf92015 elementor-widget elementor-widget-image-box\" data-id=\"bf92015\" data-element_type=\"widget\" data-widget_type=\"image-box.default\">\n\t\t\t\t<div class=\"elementor-widget-container\">\n\t\t\t\t\t<div class=\"elementor-image-box-wrapper\"><div class=\"elementor-image-box-content\"><h1 class=\"elementor-image-box-title\">Publications<\/h1><p class=\"elementor-image-box-description\">Some of the results of the project have been presented at national and international conferences and in JCR indexed journals.<\/p><\/div><\/div>\t\t\t\t<\/div>\n\t\t\t\t<\/div>\n\t\t\t\t\t<\/div>\n\t\t<\/div>\n\t\t\t\t\t<\/div>\n\t\t<\/section>\n\t\t\t\t<section class=\"elementor-section elementor-top-section elementor-element elementor-element-e6d3c76 elementor-section-content-middle elementor-section-boxed elementor-section-height-default elementor-section-height-default\" data-id=\"e6d3c76\" data-element_type=\"section\">\n\t\t\t\t\t\t<div class=\"elementor-container elementor-column-gap-default\">\n\t\t\t\t\t<div class=\"elementor-column elementor-col-100 elementor-top-column elementor-element elementor-element-28bbf0b\" data-id=\"28bbf0b\" data-element_type=\"column\">\n\t\t\t<div class=\"elementor-widget-wrap\">\n\t\t\t\t\t\t\t<\/div>\n\t\t<\/div>\n\t\t\t\t\t<\/div>\n\t\t<\/section>\n\t\t\t\t<section class=\"elementor-section elementor-top-section elementor-element elementor-element-a924c54 elementor-section-boxed elementor-section-height-default elementor-section-height-default\" data-id=\"a924c54\" data-element_type=\"section\">\n\t\t\t\t\t\t<div class=\"elementor-container elementor-column-gap-default\">\n\t\t\t\t\t<div class=\"elementor-column elementor-col-100 elementor-top-column elementor-element elementor-element-8b78571\" data-id=\"8b78571\" data-element_type=\"column\">\n\t\t\t<div class=\"elementor-widget-wrap elementor-element-populated\">\n\t\t\t\t\t\t<div class=\"elementor-element elementor-element-bc09f1a elementor-widget elementor-widget-heading\" data-id=\"bc09f1a\" data-element_type=\"widget\" data-widget_type=\"heading.default\">\n\t\t\t\t<div class=\"elementor-widget-container\">\n\t\t\t\t\t<h2 class=\"elementor-heading-title elementor-size-default\">Research Papers<\/h2>\t\t\t\t<\/div>\n\t\t\t\t<\/div>\n\t\t\t\t<div class=\"elementor-element elementor-element-2d91da5 elementor-widget elementor-widget-text-editor\" data-id=\"2d91da5\" data-element_type=\"widget\" data-widget_type=\"text-editor.default\">\n\t\t\t\t<div class=\"elementor-widget-container\">\n\t\t\t\t\t\t\t\t\t[J] Journal, [IC] International Conference, [NC] National Conference, [B] Chapter Book<\/p>\t\t\t\t\t\t\t\t<\/div>\n\t\t\t\t<\/div>\n\t\t\t\t<div class=\"elementor-element elementor-element-6985df3 elementor-widget elementor-widget-text-editor\" data-id=\"6985df3\" data-element_type=\"widget\" data-widget_type=\"text-editor.default\">\n\t\t\t\t<div class=\"elementor-widget-container\">\n\t\t\t\t\t\t\t\t\t<ul>\n<li><strong>[J]<\/strong> V. Herrera, J. Albusac, J.J. Castro-Schez, C. Gonz\u00e1lez-Morcillo, D.N. Monekosso, S. Pacheco, R. Perales, A. de los Reyes-Guzman.&nbsp;<strong>Creating Adapted Environments: Enhancing Accessibility in Virtual Reality for Upper Limb Rehabilitation through Automated Element Adjustment<\/strong>. Virtual Reality,&nbsp;<em>Virtual Reality<\/em>&nbsp;29 (28), 2025.&nbsp;<a href=\"https:\/\/doi.org\/10.1007\/s10055-024-01078-w\">https:\/\/doi.org\/10.1007\/s10055-024-01078-w<\/a>&nbsp;Springer Nature Link, 2025 (IF 4.4; Q1).<\/li>\n<li><strong>[J]<\/strong> Sergio Martinez-Cid, David Vallejo, Vanesa Herrera, Santiago S\u00e1nchez-Sobrino, Jos\u00e9 Jes\u00fas Castro-Schez, Javier Albusac.&nbsp;<strong>Explainable AI-Driven Decision Support System for Personalizing Rehabilitation Routines in Stroke<\/strong>. Progress in Artificial Intelligence, Springer Nature Link,&nbsp;2025&nbsp;(IF 2.0).<\/li>\n<li><strong>[J]<\/strong>&nbsp;Sergio Mart\u00ednez-Cid, Mohamed Essalhi, Vanesa Herrera, Javier Albusac, Santiago Schez-Sobrino, David Vallejo.&nbsp;<strong>An Adaptive Fatigue Detection Model for Virtual Reality-Based Physical Therapy<sup>&nbsp;<\/sup><\/strong>. Information, MDPI, 2025 (IF 2.4)<strong style=\"font-style: inherit;\">&nbsp;<\/strong><\/li>\n<li><strong>[J]<\/strong>&nbsp;V. Herrera, J. Albusac, E. Angulo, C. Gzlez-Morcillo, A. d. l. Reyes and D. Vallejo, \u00ab<strong>Virtual Reality-Assisted Goalkeeper Training for Upper Limb Rehabilitation in a Safe and Adapted Patient Environment<\/strong>,\u00bb in&nbsp;IEEE Access, 2024&nbsp;<a href=\"https:\/\/ieeexplore.ieee.org\/document\/10806678\">doi: 10.1109\/ACCESS.2024.3519731<\/a><\/li>\n<li dir=\"ltr\">\n<p><strong style=\"font-style: inherit;\">[J]<\/strong><span style=\"font-style: inherit; font-weight: inherit;\">&nbsp;R. Grande, J. Albusac, V. Herrera, D. Monekosso, A. de los Reyes-Guzman, D. Vallejo, and J.J. Castro-Schez.&nbsp;<\/span><strong style=\"font-style: inherit;\">Enhancing Hand Interactions and Accessibility in Virtual Reality Environments for Users With Motor Disabilities: A Practical Case Study on VR-Shopping<\/strong><span style=\"font-style: inherit; font-weight: inherit;\">, in&nbsp;<\/span><em style=\"font-weight: inherit;\">IEEE Access<\/em><span style=\"font-style: inherit; font-weight: inherit;\">, vol. 13, pp. 44062-44089, 2025,&nbsp;<\/span><a style=\"font-style: inherit; font-weight: inherit; background-color: #ffffff;\" href=\"https:\/\/ieeexplore.ieee.org\/document\/10918638\">doi: 10.1109\/ACCESS.2025.3549527<\/a><\/p><\/li><li dir=\"ltr\"><p><span class=\"C9DxTc \" style=\"font-style: inherit; font-weight: inherit;\">[B]&nbsp;<\/span><a class=\"XqQF9c\" href=\"https:\/\/link.springer.com\/chapter\/10.1007\/978-3-031-64755-0_4#auth-V_-Herrera\" target=\"_blank\" rel=\"noopener\" style=\"font-style: inherit; font-weight: inherit; background-color: rgb(255, 255, 255);\"><span class=\"C9DxTc \">V. Herrera<\/span><\/a><span class=\"C9DxTc \" style=\"font-style: inherit; font-weight: inherit;\">,&nbsp;<\/span><a class=\"XqQF9c\" href=\"https:\/\/link.springer.com\/chapter\/10.1007\/978-3-031-64755-0_4#auth-A_-Reyes_Guzm_n\" target=\"_blank\" rel=\"noopener\" style=\"font-style: inherit; font-weight: inherit; background-color: rgb(255, 255, 255);\"><span class=\"C9DxTc \">A. Reyes-Guzm\u00e1n<\/span><\/a><span class=\"C9DxTc \" style=\"font-style: inherit; font-weight: inherit;\">,&nbsp;<\/span><a class=\"XqQF9c\" href=\"https:\/\/link.springer.com\/chapter\/10.1007\/978-3-031-64755-0_4#auth-D_-Vallejo\" target=\"_blank\" rel=\"noopener\" style=\"font-style: inherit; font-weight: inherit; background-color: rgb(255, 255, 255);\"><span class=\"C9DxTc \">D. Vallejo<\/span><\/a><span class=\"C9DxTc \" style=\"font-style: inherit; font-weight: inherit;\">,&nbsp;<\/span><a class=\"XqQF9c\" href=\"https:\/\/link.springer.com\/chapter\/10.1007\/978-3-031-64755-0_4#auth-J__J_-Castro_Schez\" target=\"_blank\" rel=\"noopener\" style=\"font-style: inherit; font-weight: inherit; background-color: rgb(255, 255, 255);\"><span class=\"C9DxTc \">J. J. Castro-Schez<\/span><\/a><span class=\"C9DxTc \" style=\"font-style: inherit; font-weight: inherit;\">,&nbsp;<\/span><a class=\"XqQF9c\" href=\"https:\/\/link.springer.com\/chapter\/10.1007\/978-3-031-64755-0_4#auth-D_-Monekosso\" target=\"_blank\" rel=\"noopener\" style=\"font-style: inherit; font-weight: inherit; background-color: rgb(255, 255, 255);\"><span class=\"C9DxTc \">D. Monekosso<\/span><\/a><span class=\"C9DxTc \" style=\"font-style: inherit; font-weight: inherit;\">,&nbsp;<\/span><a class=\"XqQF9c\" href=\"https:\/\/link.springer.com\/chapter\/10.1007\/978-3-031-64755-0_4#auth-C_-Gonz_lez_Morcillo\" target=\"_blank\" rel=\"noopener\" style=\"font-style: inherit; font-weight: inherit; background-color: rgb(255, 255, 255);\"><span class=\"C9DxTc \">C. Gonz\u00e1lez-Morcillo<\/span><\/a><span class=\"C9DxTc \" style=\"font-style: inherit; font-weight: inherit;\">&nbsp;&amp;&nbsp;<\/span><a class=\"XqQF9c\" href=\"https:\/\/link.springer.com\/chapter\/10.1007\/978-3-031-64755-0_4#auth-J_-Albusac\" target=\"_blank\" rel=\"noopener\" style=\"font-style: inherit; font-weight: inherit; background-color: rgb(255, 255, 255);\"><span class=\"C9DxTc \">J. Albusac<\/span><\/a><span class=\"C9DxTc \" style=\"font-style: inherit; font-weight: inherit;\">&nbsp;<\/span><span class=\"C9DxTc \" style=\"font-style: inherit; font-weight: inherit;\">&nbsp;(2024).&nbsp;<\/span><strong style=\"font-style: inherit;\"><span class=\"C9DxTc \">Comparative Evaluation of Non-immersive and Immersive Approaches for Upper Limb Rehabilitation: A Performance and Usability Study<\/span><\/strong><span class=\"C9DxTc \" style=\"font-style: inherit; font-weight: inherit;\">. In: Filipe, J., \u015amia\u0142ek, M., Brodsky, A., Hammoudi, S. (eds) Enterprise Information Systems. ICEIS 2023. Lecture Notes in Business Information Processing, vol 519. Springer, Cham.&nbsp;<\/span><a class=\"XqQF9c\" href=\"https:\/\/doi.org\/10.1007\/978-3-031-64755-0_4\" target=\"_blank\" rel=\"noopener\" style=\"font-style: inherit; font-weight: inherit; background-color: rgb(255, 255, 255);\"><span class=\"C9DxTc aw5Odc \">https:\/\/doi.org\/10.1007\/978-3-031-64755-0_4<\/span><\/a><\/p><\/li>\n<li class=\"zfr3Q TYR86d eD0Rn \" dir=\"ltr\">\n<p class=\"zfr3Q CDt4Ke \" dir=\"ltr\" role=\"presentation\"><span class=\"C9DxTc \">[CI] M. Essalhi, S. Mart\u00ednez-Cid, V. Herrera, J. Albusac, S. Schez-Sobrino, D. Vallejo.&nbsp;<\/span><strong><span class=\"C9DxTc \">Fatigue Detection Model for Upper Limb Rehabilitation in Virtual Reality<\/span><\/strong><span class=\"C9DxTc \"><strong>.<\/strong> NIDS 2024, 4th International Conference On Novel &amp; Intelligent Digital Systems. September 25-27, 2024, Athens, Greece [Best Paper Award ].<\/span><\/p>\n<\/li>\n<li class=\"zfr3Q TYR86d eD0Rn \" dir=\"ltr\">\n<p class=\"zfr3Q CDt4Ke \" dir=\"ltr\" role=\"presentation\"><span class=\"C9DxTc \">[<\/span><span class=\"C9DxTc \">CI<\/span><span class=\"C9DxTc \">] Javier Albusac,&nbsp;<\/span><span class=\"C9DxTc \">Vanesa Herrera<\/span><span class=\"C9DxTc \">,&nbsp;<\/span><span class=\"C9DxTc \">\u00d3scar Dominguez-Oca\u00f1a, Eusebio Angulo, Ana de los Reyes Guzman, David Vallejo<\/span><span class=\"C9DxTc \">.&nbsp;<\/span><strong><span class=\"C9DxTc \">Virtual Reality-based Adapted Handball Serious Game for Upper Limb Rehabilitation in Spinal Cord Injured Patients<\/span><\/strong><span class=\"C9DxTc \">. 26th International Conference on Enterprise Information Systems, ICEIS, 28-30 April, Angers, France.&nbsp;<\/span><\/p>\n<\/li>\n<li class=\"zfr3Q TYR86d eD0Rn \" dir=\"ltr\">\n<p class=\"zfr3Q CDt4Ke \" dir=\"ltr\" role=\"presentation\"><span class=\"C9DxTc \">[CI]&nbsp;<\/span><span class=\"C9DxTc \">Vanesa Herrera, Ana de los Reyes-Guzman, David Vallejo, J.J Castro-Schez, Dorothy Monekosso, Carlos Gonz\u00e1lez Morcillo, Javier Albusac<\/span><span class=\"C9DxTc \">.&nbsp;<\/span><span class=\"C9DxTc \">A<strong>dvanced VR Calibration for Upper Limb Rehab: Making Immersive Environments Accessible<\/strong><\/span><span class=\"C9DxTc \">.&nbsp;<\/span><span class=\"C9DxTc \">&nbsp;26th International Conference on Enterprise Information Systems, ICEIS, 28-30 April, Angers, France.&nbsp;<\/span><\/p>\n<\/li>\n<li class=\"zfr3Q TYR86d eD0Rn \" dir=\"ltr\">\n<p class=\"zfr3Q CDt4Ke \" dir=\"ltr\" role=\"presentation\"><span class=\"C9DxTc \">[CN]&nbsp;<\/span><span class=\"C9DxTc \">Herrera, V. , Albusac, J.,Schez-Sobrino S., Reyes-Guzm\u00e1n, A. and Glez-Morcillo, C. (2024).&nbsp;<\/span><strong><span class=\"C9DxTc \">Dynamic Adjustment of Interactive Objects in Virtual Environments for Upper Limb Rehabilitation: A Patient-Centred Solution<\/span><\/strong><span class=\"C9DxTc \">. En 2024 Spanish Computer Graphics Conference (CEIG), A Coru\u00f1a, June 2024.<\/span><\/p>\n<\/li>\n<li dir=\"ltr\">&nbsp;[CN]&nbsp;<span class=\"C9DxTc \" style=\"font-style: inherit; font-weight: inherit; background-color: var( --e-global-color-astglobalcolor5 ); color: var(--ast-global-color-3);\">Javier Albusac<\/span><span class=\"C9DxTc \" style=\"font-style: inherit; font-weight: inherit; background-color: var( --e-global-color-astglobalcolor5 ); color: var(--ast-global-color-3);\">,&nbsp;<\/span><span class=\"C9DxTc \" style=\"font-style: inherit; font-weight: inherit; background-color: var( --e-global-color-astglobalcolor5 ); color: var(--ast-global-color-3);\">Vanesa Herrera<\/span><span class=\"C9DxTc \" style=\"font-style: inherit; font-weight: inherit; background-color: var( --e-global-color-astglobalcolor5 ); color: var(--ast-global-color-3);\">, Eusebio Angulo,&nbsp;<\/span><span class=\"C9DxTc \" style=\"font-style: inherit; font-weight: inherit; background-color: var( --e-global-color-astglobalcolor5 ); color: var(--ast-global-color-3);\">Jos\u00e9 Jes\u00fas Castro-Schez<\/span><span class=\"C9DxTc \" style=\"font-style: inherit; font-weight: inherit; background-color: var( --e-global-color-astglobalcolor5 ); color: var(--ast-global-color-3);\">&nbsp;and Ana de Los Reyes-Guzm\u00e1n.&nbsp;<\/span><strong style=\"font-style: inherit; background-color: var( --e-global-color-astglobalcolor5 ); color: var(--ast-global-color-3);\"><span class=\"C9DxTc \">Mejora de la Funci\u00f3n de los Miembros Superiores mediante Realidad Virtual: Enfoques en Rehabilitaci\u00f3n y Rendimiento Deportivo<\/span><\/strong><span class=\"C9DxTc \" style=\"font-style: inherit; font-weight: inherit; background-color: var( --e-global-color-astglobalcolor5 ); color: var(--ast-global-color-3);\">.&nbsp;<\/span><span class=\"C9DxTc \" style=\"font-style: inherit; font-weight: inherit; background-color: var( --e-global-color-astglobalcolor5 ); color: var(--ast-global-color-3);\">Interacci\u00f3n 2024, CEDI, Congreso Espa\u00f1ol de Inform\u00e1tica,&nbsp;<\/span><span class=\"C9DxTc \" style=\"font-style: inherit; font-weight: inherit; background-color: var( --e-global-color-astglobalcolor5 ); color: var(--ast-global-color-3);\">, A Coru\u00f1a (Espa\u00f1a), Junio 2024<\/span><span class=\"C9DxTc \" style=\"font-style: inherit; font-weight: inherit; background-color: var( --e-global-color-astglobalcolor5 ); color: var(--ast-global-color-3);\">.<\/span><\/li>\n<li dir=\"ltr\">&nbsp;[J]&nbsp;<span class=\"C9DxTc \" style=\"font-style: inherit; font-weight: inherit; background-color: var( --e-global-color-astglobalcolor5 ); color: var(--ast-global-color-3);\">Javier Albusac, Vanesa Herrera, Santiago S\u00e1nchez-Sobrino, Rub\u00e9n Grande, Dorothy N. Monekosso, David Valllejo<\/span><span class=\"C9DxTc \" style=\"font-style: inherit; font-weight: inherit; background-color: var( --e-global-color-astglobalcolor5 ); color: var(--ast-global-color-3);\">.&nbsp;<\/span><span class=\"C9DxTc \" style=\"font-style: inherit; font-weight: inherit; background-color: var( --e-global-color-astglobalcolor5 ); color: var(--ast-global-color-3);\"><strong>Innovative Haptic-Based System for Upper Limb Rehabilitation in Visually Impaired Individuals: A Multilayer Approach<\/strong>.<\/span><span class=\"C9DxTc \" style=\"font-style: inherit; font-weight: inherit; background-color: var( --e-global-color-astglobalcolor5 ); color: var(--ast-global-color-3);\">&nbsp;<\/span><span class=\"C9DxTc \" style=\"font-style: inherit; font-weight: inherit; background-color: var( --e-global-color-astglobalcolor5 ); color: var(--ast-global-color-3);\">Multimedia Tools with Applications, Springer Link&nbsp;<\/span><a class=\"XqQF9c\" style=\"font-style: inherit; font-weight: inherit;\" href=\"https:\/\/link.springer.com\/article\/10.1007\/s11042-023-17892-4\" target=\"_blank\" rel=\"noopener\"><span class=\"C9DxTc aw5Odc \">https:\/\/link.springer.com\/article\/10.1007\/s11042-023-17892-4<\/span><\/a><span class=\"C9DxTc \" style=\"font-style: inherit; font-weight: inherit; background-color: var( --e-global-color-astglobalcolor5 ); color: var(--ast-global-color-3);\">&nbsp;<\/span><span class=\"C9DxTc \" style=\"font-style: inherit; font-weight: inherit; background-color: var( --e-global-color-astglobalcolor5 ); color: var(--ast-global-color-3);\">&#8211;&nbsp;<\/span><span class=\"C9DxTc \" style=\"font-style: inherit; font-weight: inherit; background-color: var( --e-global-color-astglobalcolor5 ); color: var(--ast-global-color-3);\">IF (3.6)<\/span><\/li>\n<li dir=\"ltr\">&nbsp;[IC] <span style=\"font-style: inherit; font-weight: inherit; background-color: var( --e-global-color-astglobalcolor5 ); color: var(--ast-global-color-3);\">Herrera, V.; Reyes-Guzm\u00e1n, A.; Vallejo, D.; Castro-Schez, J.J; Gonz\u00e1lez-Morcillo, C. and Albusac, J. <b>Rehab-Immersive: Enhancing Upper Limb Rehabilitation in Spinal Cord Injury Patients through Hand-Interactive Virtual Reality<\/b><\/span><span style=\"font-style: inherit; font-weight: inherit; background-color: var( --e-global-color-astglobalcolor5 ); color: var(--ast-global-color-3);\">.&nbsp;<\/span><span style=\"font-style: inherit; font-weight: inherit; color: #1e1e1e; font-family: Lato, Helvetica, Arial; background-color: var( --e-global-color-astglobalcolor5 );\">IEEE International Symposium on Mixed and Augmented Reality (ISMAR), Australia, september, 2023.<\/span><\/li>\n<li dir=\"ltr\">\n<p dir=\"ltr\" role=\"presentation\">[J] Vanesa Herrera, D. Vallejo, J.J Castro-Schez, Dorothy N. Monekosso, Ana de los Reyes, C. Gonz\u00e1lez-Morcillo and J. Albusac.&nbsp;<b>Rehab-Immersive: a framework to support the development of virtual reality applications in upper limb rehabilitation<\/b>. SoftwareX journal (Elsevier) &#8211; [<a href=\"https:\/\/www.sciencedirect.com\/science\/article\/pii\/S2352711023001085\" target=\"_blank\" rel=\"noopener\">https:\/\/doi.org\/10.1016\/j.softx.2023.101412<\/a>].&nbsp;<\/p>\n<\/li>\n<li dir=\"ltr\">\n<p dir=\"ltr\" role=\"presentation\">[IC] Herrera, V.; Reyes-Guzm\u00e1n, A.; Vallejo, D.; Castro-Schez, J.; Monekosso, D.; Carlos, G-M. and Albusac, J.&nbsp;<b>Performance Analysis for Upper Limb Rehabilitation in Non-Immersive and Immersive Scenarios.&nbsp;<\/b>International Conference on Enterprise Information Systems (ICEIS), Praga, Rep\u00fablica Checa, abril 2023.<\/p>\n<\/li>\n<li dir=\"ltr\">\n<p dir=\"ltr\" role=\"presentation\">[NC] A. de los Reyes Guzm\u00e1n, V. Herrera Tirado, R. Perales G\u00f3mez, S. Ceruelo Abajo,&nbsp;J. Albusac, C. Gonz\u00e1lez Morcillo.&nbsp;<b>Realidad Virtual Inmersiva para rehabilitaci\u00f3n del miembro superior en patolog\u00eda neurol\u00f3gica<\/b>. XL Congreso Anual de la Sociedad Espa\u00f1ola de Ingenier\u00eda Biom\u00e9dica, CASEIB 2022, 23-25 noviembre, Valladolid.<\/p>\n<\/li>\n<li class=\"zfr3Q TYR86d eD0Rn \" dir=\"ltr\">\n<p class=\"zfr3Q CDt4Ke \" dir=\"ltr\" role=\"presentation\"><span class=\"C9DxTc \">[CN]&nbsp;<\/span><strong><span class=\"C9DxTc \">Proyecto REHAB-IMMERSIVE: Realidad Virtual inmersiva para rehabilitaci\u00f3n motora de los miembros superiores<\/span><\/strong><span class=\"C9DxTc \">. Carolina Redondo Gal\u00e1n, Vanesa Herrera Tirado, Raquel Perales G\u00f3mez, Silvia Ceruelo Abajo, Javier Alonso Albusac Jim\u00e9nez, Carlos Gonz\u00e1lez Morcillo, Angel Gil Agudo, Ana de los Reyes Guzm\u00e1n. XL Jornadas Nacionales de la Sociedad Espa\u00f1ola de Paraplejia, 25-27 Octubre 2023, Gran Canaria.&nbsp;&nbsp;<\/span><\/p>\n<\/li>\n<li dir=\"ltr\"><span class=\"C9DxTc \">Vanesa Herrera Tirado, Javier Alonso Albusac Jim\u00e9nez, Carlos Gonz\u00e1lez Morcillo, Raquel Perales G\u00f3mez, Laura Blanco Coloma, Silvia Ceruelo Abajo, Vicente Lozano Berrio and Ana de los Reyes Guzm\u00e1n.&nbsp;<\/span><strong><span class=\"C9DxTc \">Valoraci\u00f3n de la Experiencia del Usuario en Entornos Virtuales de Rehabilitaci\u00f3n de Miembros Superiores<\/span><\/strong><span class=\"C9DxTc \">. XLI Congreso Anual de la Sociedad Espa\u00f1ola de Ingenier\u00eda Biom\u00e9dica (CASEIB 2023), 22-24 de noviembre de 2023, Cartagena (Espa\u00f1a).<\/span><\/li>\n<li class=\"zfr3Q TYR86d eD0Rn \" dir=\"ltr\">\n<p class=\"zfr3Q CDt4Ke \" dir=\"ltr\" role=\"presentation\"><span class=\"C9DxTc \">[CN]&nbsp;<\/span><span class=\"C9DxTc \">Laura Blanco Coloma, Vanesa Herrera Tirado, Raquel Perales G\u00f3mez, M\u00f3nica Alcobendas Maestro, Silvia Ceruelo Abajo, Vicente Lozano Berrio, Javier Alonso Albusac Jim\u00e9nez, Carlos Gonz\u00e1lez Morcillo and Ana de los Reyes Guzm\u00e1n.&nbsp;<\/span><strong><span class=\"C9DxTc \">Cinem\u00e1tica del movimiento del miembro superior durante una tarea funcional realizada en entorno virtual y entorno f\u00ed\u00adsico real en poblaci\u00f3n sana y con lesi\u00f3n medular cervical<\/span><\/strong><span class=\"C9DxTc \">. XLI Congreso Anual de la Sociedad Espa\u00f1ola de Ingenier\u00eda Biom\u00e9dica (CASEIB 2023), 22-24 de noviembre de 2023, Cartagena (Espa\u00f1a).<\/span><\/p>\n<\/li>\n<\/ul>\t\t\t\t\t\t\t\t<\/div>\n\t\t\t\t<\/div>\n\t\t\t\t\t<\/div>\n\t\t<\/div>\n\t\t\t\t\t<\/div>\n\t\t<\/section>\n\t\t\t\t<\/div>\n\t\t","protected":false},"excerpt":{"rendered":"<p>Publications Some of the results of the project have been presented at national and international conferences and in JCR indexed journals. Research Papers [J] Journal, [IC] International Conference, [NC] National Conference, [B] Chapter Book [J] V. Herrera, J. Albusac, J.J. Castro-Schez, C. Gonz\u00e1lez-Morcillo, D.N. Monekosso, S. Pacheco, R. Perales, A. de los Reyes-Guzman.&nbsp;Creating Adapted Environments: [&hellip;]<\/p>\n","protected":false},"author":1,"featured_media":0,"parent":0,"menu_order":0,"comment_status":"closed","ping_status":"closed","template":"","meta":{"site-sidebar-layout":"no-sidebar","site-content-layout":"page-builder","ast-site-content-layout":"default","site-content-style":"default","site-sidebar-style":"default","ast-global-header-display":"","ast-banner-title-visibility":"","ast-main-header-display":"","ast-hfb-above-header-display":"","ast-hfb-below-header-display":"","ast-hfb-mobile-header-display":"","site-post-title":"disabled","ast-breadcrumbs-content":"","ast-featured-img":"disabled","footer-sml-layout":"","theme-transparent-header-meta":"enabled","adv-header-id-meta":"","stick-header-meta":"","header-above-stick-meta":"","header-main-stick-meta":"","header-below-stick-meta":"","astra-migrate-meta-layouts":"default","ast-page-background-enabled":"default","ast-page-background-meta":{"desktop":{"background-color":"","background-image":"","background-repeat":"repeat","background-position":"center center","background-size":"auto","background-attachment":"scroll","background-type":"","background-media":"","overlay-type":"","overlay-color":"","overlay-opacity":"","overlay-gradient":""},"tablet":{"background-color":"","background-image":"","background-repeat":"repeat","background-position":"center center","background-size":"auto","background-attachment":"scroll","background-type":"","background-media":"","overlay-type":"","overlay-color":"","overlay-opacity":"","overlay-gradient":""},"mobile":{"background-color":"","background-image":"","background-repeat":"repeat","background-position":"center center","background-size":"auto","background-attachment":"scroll","background-type":"","background-media":"","overlay-type":"","overlay-color":"","overlay-opacity":"","overlay-gradient":""}},"ast-content-background-meta":{"desktop":{"background-color":"var(--ast-global-color-5)","background-image":"","background-repeat":"repeat","background-position":"center center","background-size":"auto","background-attachment":"scroll","background-type":"","background-media":"","overlay-type":"","overlay-color":"","overlay-opacity":"","overlay-gradient":""},"tablet":{"background-color":"var(--ast-global-color-5)","background-image":"","background-repeat":"repeat","background-position":"center center","background-size":"auto","background-attachment":"scroll","background-type":"","background-media":"","overlay-type":"","overlay-color":"","overlay-opacity":"","overlay-gradient":""},"mobile":{"background-color":"var(--ast-global-color-5)","background-image":"","background-repeat":"repeat","background-position":"center center","background-size":"auto","background-attachment":"scroll","background-type":"","background-media":"","overlay-type":"","overlay-color":"","overlay-opacity":"","overlay-gradient":""}},"footnotes":""},"class_list":["post-25242","page","type-page","status-publish","hentry"],"yoast_head":"<!-- This site is optimized with the Yoast SEO plugin v25.5 - https:\/\/yoast.com\/wordpress\/plugins\/seo\/ -->\n<title>Publications -<\/title>\n<meta name=\"robots\" content=\"index, follow, max-snippet:-1, max-image-preview:large, max-video-preview:-1\" \/>\n<link rel=\"canonical\" href=\"https:\/\/air.esi.uclm.es\/rehab\/index.php\/publications\/\" \/>\n<meta property=\"og:locale\" content=\"es_ES\" \/>\n<meta property=\"og:type\" content=\"article\" \/>\n<meta property=\"og:title\" content=\"Publications -\" \/>\n<meta property=\"og:description\" content=\"Publications Some of the results of the project have been presented at national and international conferences and in JCR indexed journals. Research Papers [J] Journal, [IC] International Conference, [NC] National Conference, [B] Chapter Book [J] V. Herrera, J. Albusac, J.J. Castro-Schez, C. Gonz\u00e1lez-Morcillo, D.N. Monekosso, S. Pacheco, R. Perales, A. de los Reyes-Guzman.&nbsp;Creating Adapted Environments: [&hellip;]\" \/>\n<meta property=\"og:url\" content=\"https:\/\/air.esi.uclm.es\/rehab\/index.php\/publications\/\" \/>\n<meta property=\"article:modified_time\" content=\"2025-07-21T19:56:23+00:00\" \/>\n<meta name=\"twitter:card\" content=\"summary_large_image\" \/>\n<meta name=\"twitter:label1\" content=\"Tiempo de lectura\" \/>\n\t<meta name=\"twitter:data1\" content=\"5 minutos\" \/>\n<script type=\"application\/ld+json\" class=\"yoast-schema-graph\">{\"@context\":\"https:\/\/schema.org\",\"@graph\":[{\"@type\":\"WebPage\",\"@id\":\"https:\/\/air.esi.uclm.es\/rehab\/index.php\/publications\/\",\"url\":\"https:\/\/air.esi.uclm.es\/rehab\/index.php\/publications\/\",\"name\":\"Publications -\",\"isPartOf\":{\"@id\":\"https:\/\/air.esi.uclm.es\/rehab\/#website\"},\"datePublished\":\"2023-06-24T06:21:10+00:00\",\"dateModified\":\"2025-07-21T19:56:23+00:00\",\"breadcrumb\":{\"@id\":\"https:\/\/air.esi.uclm.es\/rehab\/index.php\/publications\/#breadcrumb\"},\"inLanguage\":\"es\",\"potentialAction\":[{\"@type\":\"ReadAction\",\"target\":[\"https:\/\/air.esi.uclm.es\/rehab\/index.php\/publications\/\"]}]},{\"@type\":\"BreadcrumbList\",\"@id\":\"https:\/\/air.esi.uclm.es\/rehab\/index.php\/publications\/#breadcrumb\",\"itemListElement\":[{\"@type\":\"ListItem\",\"position\":1,\"name\":\"Portada\",\"item\":\"https:\/\/air.esi.uclm.es\/rehab\/\"},{\"@type\":\"ListItem\",\"position\":2,\"name\":\"Publications\"}]},{\"@type\":\"WebSite\",\"@id\":\"https:\/\/air.esi.uclm.es\/rehab\/#website\",\"url\":\"https:\/\/air.esi.uclm.es\/rehab\/\",\"name\":\"Rehab-immersive project\",\"description\":\"\",\"publisher\":{\"@id\":\"https:\/\/air.esi.uclm.es\/rehab\/#organization\"},\"potentialAction\":[{\"@type\":\"SearchAction\",\"target\":{\"@type\":\"EntryPoint\",\"urlTemplate\":\"https:\/\/air.esi.uclm.es\/rehab\/?s={search_term_string}\"},\"query-input\":{\"@type\":\"PropertyValueSpecification\",\"valueRequired\":true,\"valueName\":\"search_term_string\"}}],\"inLanguage\":\"es\"},{\"@type\":\"Organization\",\"@id\":\"https:\/\/air.esi.uclm.es\/rehab\/#organization\",\"name\":\"University of Castilla-La Mancha and National Hospital of Paraplegic of Toledo\",\"url\":\"https:\/\/air.esi.uclm.es\/rehab\/\",\"logo\":{\"@type\":\"ImageObject\",\"inLanguage\":\"es\",\"@id\":\"https:\/\/air.esi.uclm.es\/rehab\/#\/schema\/logo\/image\/\",\"url\":\"https:\/\/air.esi.uclm.es\/rehab\/wp-content\/uploads\/2023\/06\/logo_air_hnpt_ministerio.png\",\"contentUrl\":\"https:\/\/air.esi.uclm.es\/rehab\/wp-content\/uploads\/2023\/06\/logo_air_hnpt_ministerio.png\",\"width\":450,\"height\":90,\"caption\":\"University of Castilla-La Mancha and National Hospital of Paraplegic of Toledo\"},\"image\":{\"@id\":\"https:\/\/air.esi.uclm.es\/rehab\/#\/schema\/logo\/image\/\"}}]}<\/script>\n<!-- \/ Yoast SEO plugin. -->","yoast_head_json":{"title":"Publications -","robots":{"index":"index","follow":"follow","max-snippet":"max-snippet:-1","max-image-preview":"max-image-preview:large","max-video-preview":"max-video-preview:-1"},"canonical":"https:\/\/air.esi.uclm.es\/rehab\/index.php\/publications\/","og_locale":"es_ES","og_type":"article","og_title":"Publications -","og_description":"Publications Some of the results of the project have been presented at national and international conferences and in JCR indexed journals. Research Papers [J] Journal, [IC] International Conference, [NC] National Conference, [B] Chapter Book [J] V. Herrera, J. Albusac, J.J. Castro-Schez, C. Gonz\u00e1lez-Morcillo, D.N. Monekosso, S. Pacheco, R. Perales, A. de los Reyes-Guzman.&nbsp;Creating Adapted Environments: [&hellip;]","og_url":"https:\/\/air.esi.uclm.es\/rehab\/index.php\/publications\/","article_modified_time":"2025-07-21T19:56:23+00:00","twitter_card":"summary_large_image","twitter_misc":{"Tiempo de lectura":"5 minutos"},"schema":{"@context":"https:\/\/schema.org","@graph":[{"@type":"WebPage","@id":"https:\/\/air.esi.uclm.es\/rehab\/index.php\/publications\/","url":"https:\/\/air.esi.uclm.es\/rehab\/index.php\/publications\/","name":"Publications -","isPartOf":{"@id":"https:\/\/air.esi.uclm.es\/rehab\/#website"},"datePublished":"2023-06-24T06:21:10+00:00","dateModified":"2025-07-21T19:56:23+00:00","breadcrumb":{"@id":"https:\/\/air.esi.uclm.es\/rehab\/index.php\/publications\/#breadcrumb"},"inLanguage":"es","potentialAction":[{"@type":"ReadAction","target":["https:\/\/air.esi.uclm.es\/rehab\/index.php\/publications\/"]}]},{"@type":"BreadcrumbList","@id":"https:\/\/air.esi.uclm.es\/rehab\/index.php\/publications\/#breadcrumb","itemListElement":[{"@type":"ListItem","position":1,"name":"Portada","item":"https:\/\/air.esi.uclm.es\/rehab\/"},{"@type":"ListItem","position":2,"name":"Publications"}]},{"@type":"WebSite","@id":"https:\/\/air.esi.uclm.es\/rehab\/#website","url":"https:\/\/air.esi.uclm.es\/rehab\/","name":"Rehab-immersive project","description":"","publisher":{"@id":"https:\/\/air.esi.uclm.es\/rehab\/#organization"},"potentialAction":[{"@type":"SearchAction","target":{"@type":"EntryPoint","urlTemplate":"https:\/\/air.esi.uclm.es\/rehab\/?s={search_term_string}"},"query-input":{"@type":"PropertyValueSpecification","valueRequired":true,"valueName":"search_term_string"}}],"inLanguage":"es"},{"@type":"Organization","@id":"https:\/\/air.esi.uclm.es\/rehab\/#organization","name":"University of Castilla-La Mancha and National Hospital of Paraplegic of Toledo","url":"https:\/\/air.esi.uclm.es\/rehab\/","logo":{"@type":"ImageObject","inLanguage":"es","@id":"https:\/\/air.esi.uclm.es\/rehab\/#\/schema\/logo\/image\/","url":"https:\/\/air.esi.uclm.es\/rehab\/wp-content\/uploads\/2023\/06\/logo_air_hnpt_ministerio.png","contentUrl":"https:\/\/air.esi.uclm.es\/rehab\/wp-content\/uploads\/2023\/06\/logo_air_hnpt_ministerio.png","width":450,"height":90,"caption":"University of Castilla-La Mancha and National Hospital of Paraplegic of Toledo"},"image":{"@id":"https:\/\/air.esi.uclm.es\/rehab\/#\/schema\/logo\/image\/"}}]}},"_links":{"self":[{"href":"https:\/\/air.esi.uclm.es\/rehab\/index.php\/wp-json\/wp\/v2\/pages\/25242","targetHints":{"allow":["GET"]}}],"collection":[{"href":"https:\/\/air.esi.uclm.es\/rehab\/index.php\/wp-json\/wp\/v2\/pages"}],"about":[{"href":"https:\/\/air.esi.uclm.es\/rehab\/index.php\/wp-json\/wp\/v2\/types\/page"}],"author":[{"embeddable":true,"href":"https:\/\/air.esi.uclm.es\/rehab\/index.php\/wp-json\/wp\/v2\/users\/1"}],"replies":[{"embeddable":true,"href":"https:\/\/air.esi.uclm.es\/rehab\/index.php\/wp-json\/wp\/v2\/comments?post=25242"}],"version-history":[{"count":26,"href":"https:\/\/air.esi.uclm.es\/rehab\/index.php\/wp-json\/wp\/v2\/pages\/25242\/revisions"}],"predecessor-version":[{"id":25576,"href":"https:\/\/air.esi.uclm.es\/rehab\/index.php\/wp-json\/wp\/v2\/pages\/25242\/revisions\/25576"}],"wp:attachment":[{"href":"https:\/\/air.esi.uclm.es\/rehab\/index.php\/wp-json\/wp\/v2\/media?parent=25242"}],"curies":[{"name":"wp","href":"https:\/\/api.w.org\/{rel}","templated":true}]}}