{"id":401,"date":"2019-03-19T13:42:23","date_gmt":"2019-03-19T13:42:23","guid":{"rendered":"http:\/\/air.esi.uclm.es\/rehab\/index.php\/contact\/"},"modified":"2023-06-26T10:03:23","modified_gmt":"2023-06-26T10:03:23","slug":"contact","status":"publish","type":"page","link":"https:\/\/air.esi.uclm.es\/rehab\/index.php\/contact\/","title":{"rendered":"Press"},"content":{"rendered":"\t\t<div data-elementor-type=\"wp-post\" data-elementor-id=\"401\" class=\"elementor elementor-401\">\n\t\t\t\t\t\t<section class=\"elementor-section elementor-top-section elementor-element elementor-element-1e510346 elementor-section-boxed elementor-section-height-default elementor-section-height-default\" data-id=\"1e510346\" data-element_type=\"section\" data-settings=\"{&quot;background_background&quot;:&quot;gradient&quot;}\">\n\t\t\t\t\t\t<div class=\"elementor-container elementor-column-gap-default\">\n\t\t\t\t\t<div class=\"elementor-column elementor-col-100 elementor-top-column elementor-element elementor-element-54dcaf95\" data-id=\"54dcaf95\" data-element_type=\"column\">\n\t\t\t<div class=\"elementor-widget-wrap elementor-element-populated\">\n\t\t\t\t\t\t<div class=\"elementor-element elementor-element-18ce8ab4 elementor-widget elementor-widget-image-box\" data-id=\"18ce8ab4\" data-element_type=\"widget\" data-widget_type=\"image-box.default\">\n\t\t\t\t<div class=\"elementor-widget-container\">\n\t\t\t\t\t<div class=\"elementor-image-box-wrapper\"><div class=\"elementor-image-box-content\"><h1 class=\"elementor-image-box-title\">Press &amp; Media<\/h1><p class=\"elementor-image-box-description\">Mentions in press, television, and other media outlets<\/p><\/div><\/div>\t\t\t\t<\/div>\n\t\t\t\t<\/div>\n\t\t\t\t\t<\/div>\n\t\t<\/div>\n\t\t\t\t\t<\/div>\n\t\t<\/section>\n\t\t\t\t<section class=\"elementor-section elementor-top-section elementor-element elementor-element-e5d2a88 elementor-section-boxed elementor-section-height-default elementor-section-height-default\" data-id=\"e5d2a88\" data-element_type=\"section\">\n\t\t\t\t\t\t<div class=\"elementor-container elementor-column-gap-default\">\n\t\t\t\t\t<div class=\"elementor-column elementor-col-100 elementor-top-column elementor-element elementor-element-67615d9\" data-id=\"67615d9\" data-element_type=\"column\">\n\t\t\t<div class=\"elementor-widget-wrap elementor-element-populated\">\n\t\t\t\t\t\t<div class=\"elementor-element elementor-element-12cae1e elementor-widget elementor-widget-heading\" data-id=\"12cae1e\" data-element_type=\"widget\" data-widget_type=\"heading.default\">\n\t\t\t\t<div class=\"elementor-widget-container\">\n\t\t\t\t\t<h2 class=\"elementor-heading-title elementor-size-default\">Mentions<\/h2>\t\t\t\t<\/div>\n\t\t\t\t<\/div>\n\t\t\t\t<div class=\"elementor-element elementor-element-8994ef3 elementor-widget elementor-widget-text-editor\" data-id=\"8994ef3\" data-element_type=\"widget\" data-widget_type=\"text-editor.default\">\n\t\t\t\t<div class=\"elementor-widget-container\">\n\t\t\t\t\t\t\t\t\t<ul><li><a href=\"https:\/\/www.larazon.es\/salud\/20230108\/r4gkv6oxvnhqflk3gczw4cy2wm.html\">Investigan una terapia virtual de rehabilitaci\u00f3n para lesionados medulares<\/a>, La raz\u00f3n.<\/li><li><a href=\"https:\/\/www.elespanol.com\/invertia\/disruptores-innovadores\/autonomias\/castilla-la-mancha\/20230111\/realidad-virtual-tratar-paraplejicos-disrupcion-sin-toledo\/732676923_0.html?utm_source=twitter&amp;utm_medium=social&amp;utm_campaign=onpagebuttons\">Realidad virtual para tratar a parapl\u00e9jicos: una d\u00e9cada de disrupci\u00f3n sin fin en Toledo<\/a>, invertia, El Espa\u00f1ol<\/li><li><a href=\"http:\/\/www.infomedula.org\/?p=6404\" target=\"_blank\" rel=\"noreferrer noopener\">El HNP y la UCLM trabajan en una terapia virtual inmersiva para ayudar a rehabilitar los miembros superiores<\/a>, Infom\u00e9dula \u2013 Fundaci\u00f3n del Hospital Nacional de Parapl\u00e9jicos<\/li><li><a href=\"https:\/\/www.castillalamancha.es\/actualidad\/notasdeprensa\/el-hospital-de-parapl%C3%A9jicos-y-la-uclm-trabajan-en-una-terapia-virtual-inmersiva-para-ayudar\">Gobierno de Castilla-La Mancha<\/a><\/li><li><a href=\"https:\/\/www.clm24.es\/articulo\/sociedad\/sanidad-publica-trabajan-terapia-virtual-inmersiva-ayudar-rehabilitar-miembros-superiores\/20230107132958377876.html?utm_medium=social&amp;utm_source=twitter&amp;utm_campaign=share_button\">Trabajan en una terapia virtual inmersiva para ayudar a rehabilitar los miembros superiores<\/a>, CLM24<\/li><li><a href=\"https:\/\/www.cmmedia.es\/noticias\/castilla-la-mancha\/toledo\/hospital-paraplejicos-uclm-trabajan-terapia-virtual-inmersiva-ayudar-rehabilitar-miembros-superiores.html\">El Hospital de Parapl\u00e9jicos y la UCLM trabajan en una terapia virtual inmersiva para ayudar a rehabilitar los miembros superiores<\/a>, cmmedia.es<\/li><li><a href=\"https:\/\/www.lacerca.com\/noticias\/ciudad_real\/hospital-paraplejicos-uclm-terapia-virtual-inmersiva-miembros-superiores-645444-1.html\">El Hospital de Parapl\u00e9jicos y la UCLM trabajan en una terapia virtual inmersiva para ayudar a\u00a0rehabilitar los miembros superiores<\/a>, la cerca noticias de Castilla-La Mancha<\/li><li><a href=\"https:\/\/www.dclm.es\/noticias\/139228\/el-hospital-de-paraplejicos-y-la-uclm-trabajan-en-una-terapia-virtual-inmersiva-para-ayudar-a-rehabilitar-los-miembros-superiores\">El Hospital de Parapl\u00e9jicos y la UCLM trabajan en una terapia virtual inmersiva para ayudar a rehabilitar los miembros superiores<\/a>, El diario de Castilla-La Mancha<\/li><li><a href=\"https:\/\/www.liberaldecastilla.com\/el-hospital-de-paraplejicos-y-la-uclm-trabajan-en-una-terapia-virtual-inmersiva-para-ayudar-a-rehabilitar-los-miembros-superiores\">El Hospital de Parapl\u00e9jicos y la UCLM trabajan en una terapia virtual inmersiva para ayudar a rehabilitar los miembros superiores<\/a>, Liberal de Castilla-La Mancha<\/li><li><a href=\"https:\/\/ahoraclm.com\/trabajan-en-una-terapia-virtual-inmersiva-para-ayudar-a-rehabilitar-los-miembros-superiores\">El Hospital de Parapl\u00e9jicos y la UCLM<\/a>\u00a0<a href=\"https:\/\/ahoraclm.com\/trabajan-en-una-terapia-virtual-inmersiva-para-ayudar-a-rehabilitar-los-miembros-superiores\">Trabajan en una terapia virtual inmersiva para ayudar a rehabilitar los miembros superiores<\/a>, Ahora CLM<\/li><li><a href=\"https:\/\/objetivocastillalamancha.es\/contenidos\/hospital-paraplejicos-uclm-trabajan-terapia-virtual-inmersiva-ayudar-rehabilitar-miembros-superiores\">El Hospital de Parapl\u00e9jicos y la UCLM trabajan en una terapia virtual inmersiva para ayudar a rehabilitar los miembros superiores<\/a>, Objetivo CLM<\/li><li><a href=\"https:\/\/elnoticiariodecastillalamancha.com\/el-hospital-de-paraplejicos-y-la-uclm-trabajan-en-una-terapia-virtual-inmersiva-para-ayudar-a-rehabilitar-los-miembros-superiores\/\">El Hospital de Parapl\u00e9jicos y la UCLM trabajan en una terapia virtual inmersiva para ayudar a rehabilitar los miembros superiores<\/a>, Noticiario de Castilla-La Mancha<\/li><li><a href=\"https:\/\/www.lanzadigital.com\/uncategorized\/el-hospital-de-paraplejicos-y-la-uclm-trabajan-en-una-terapia-virtual-inmersiva\/\">El Hospital de Parapl\u00e9jicos y la UCLM trabajan en una terapia virtual inmersiva<\/a>, Lanzadigital<\/li><li><a href=\"https:\/\/eldiadigital.es\/art\/416472\/el-hospital-de-paraplejicos-y-la-uclm-trabajan-en-una-terapia-virtual-inmersiva\">El Hospital de Parapl\u00e9jicos y la UCLM trabajan en una terapia virtual inmersiva<\/a>, El DIA digital.es<\/li><li><a href=\"https:\/\/ciudadrealdigital.es\/noticias\/100887\/El\/Hospital\/de\/Paraplejicos\/y\/la\/UCLM\/trabajan\/en\/una\/terapia\/virtual\/inmersiva\/para\/ayudar\/a\/rehabilitar\/los\/miembros\/superiores\">El Hospital de Parapl\u00e9jicos y la UCLM trabajan en una terapia virtual inmersiva para ayudar a rehabilitar los miembros superiores<\/a>, Ciudad Real digital<\/li><li><a href=\"https:\/\/www.miciudadreal.es\/2023\/01\/07\/el-hospital-de-paraplejicos-y-la-uclm-trabajan-en-una-terapia-virtual-inmersiva-para-ayudar-a-rehabilitar-los-miembros-superiores\/\">El Hospital de Parapl\u00e9jicos y la UCLM trabajan en una terapia virtual inmersiva para ayudar a rehabilitar los miembros superiores<\/a>, Miciudadreal.es<\/li><li><a href=\"https:\/\/www.lacomarcadepuertollano.com\/el-hospital-de-paraplejicos-y-la-uclm-trabajan-en-una-terapia-virtual-inmersiva-para-ayudar-a-rehabilitar-los-miembros-superiores?utm_source=ReviveOldPost&amp;utm_medium=social&amp;utm_campaign=ReviveOldPost\">El Hospital de Parapl\u00e9jicos de Toledo y la UCLM trabajan en una terapia virtual inmersiva para ayudar a rehabilitar los miembros superiores<\/a>, la Comarca de Puertollano<\/li><li><a href=\"https:\/\/informacionguadalajara.com\/el-hospital-de-paraplejicos-y-la-uclm-trabajan-en-una-terapia-virtual-inmersiva-para-ayudar-a-rehabilitar-los-miembros-superiores\">El Hospital de Parapl\u00e9jicos y la UCLM trabajan en una terapia virtual inmersiva para ayudar a rehabilitar los miembros superiores<\/a>, Informaciones de Guadalajara<\/li><li><a href=\"https:\/\/www.cuadernosmanchegos.com\/toledo\/sanidad\/el-hospital-de-paraplejicos-y-la-uclm-trabajan-en-una-terapia-virtual-inmersiva-para-ayudar-a-rehabilitar-los-miembros-superiores-42890.html\">El Hospital de Parapl\u00e9jicos y la UCLM trabajan en una terapia virtual inmersiva para ayudar a rehabilitar los miembros superiores,<\/a>\u00a0cuadernosmanchegos.com<\/li><li><a href=\"https:\/\/www.noticiasde.es\/castilla-la-mancha\/toledo\/hospital-de-paraplejicos-y-uclm-trabajan-en-una-terapia-virtual-inmersiva-para-ayudar-a-rehabilitar-miembros-superiores\/\">Hospital de Parapl\u00e9jicos y UCLM trabajan en una terapia virtual inmersiva para ayudar a rehabilitar miembros superiores<\/a>, Noticiasde.es<\/li><\/ul>\t\t\t\t\t\t\t\t<\/div>\n\t\t\t\t<\/div>\n\t\t\t\t\t<\/div>\n\t\t<\/div>\n\t\t\t\t\t<\/div>\n\t\t<\/section>\n\t\t\t\t<\/div>\n\t\t","protected":false},"excerpt":{"rendered":"<p>Press &amp; Media Mentions in press, television, and other media outlets Mentions Investigan una terapia virtual de rehabilitaci\u00f3n para lesionados medulares, La raz\u00f3n. Realidad virtual para tratar a parapl\u00e9jicos: una d\u00e9cada de disrupci\u00f3n sin fin en Toledo, invertia, El Espa\u00f1ol El HNP y la UCLM trabajan en una terapia virtual inmersiva para ayudar a rehabilitar [&hellip;]<\/p>\n","protected":false},"author":1,"featured_media":0,"parent":0,"menu_order":0,"comment_status":"closed","ping_status":"closed","template":"","meta":{"site-sidebar-layout":"no-sidebar","site-content-layout":"page-builder","ast-site-content-layout":"default","site-content-style":"default","site-sidebar-style":"default","ast-global-header-display":"","ast-banner-title-visibility":"","ast-main-header-display":"","ast-hfb-above-header-display":"","ast-hfb-below-header-display":"","ast-hfb-mobile-header-display":"","site-post-title":"disabled","ast-breadcrumbs-content":"","ast-featured-img":"disabled","footer-sml-layout":"","theme-transparent-header-meta":"enabled","adv-header-id-meta":"","stick-header-meta":"","header-above-stick-meta":"","header-main-stick-meta":"","header-below-stick-meta":"","astra-migrate-meta-layouts":"default","ast-page-background-enabled":"default","ast-page-background-meta":{"desktop":{"background-color":"","background-image":"","background-repeat":"repeat","background-position":"center center","background-size":"auto","background-attachment":"scroll","background-type":"","background-media":"","overlay-type":"","overlay-color":"","overlay-opacity":"","overlay-gradient":""},"tablet":{"background-color":"","background-image":"","background-repeat":"repeat","background-position":"center center","background-size":"auto","background-attachment":"scroll","background-type":"","background-media":"","overlay-type":"","overlay-color":"","overlay-opacity":"","overlay-gradient":""},"mobile":{"background-color":"","background-image":"","background-repeat":"repeat","background-position":"center center","background-size":"auto","background-attachment":"scroll","background-type":"","background-media":"","overlay-type":"","overlay-color":"","overlay-opacity":"","overlay-gradient":""}},"ast-content-background-meta":{"desktop":{"background-color":"var(--ast-global-color-5)","background-image":"","background-repeat":"repeat","background-position":"center center","background-size":"auto","background-attachment":"scroll","background-type":"","background-media":"","overlay-type":"","overlay-color":"","overlay-opacity":"","overlay-gradient":""},"tablet":{"background-color":"var(--ast-global-color-5)","background-image":"","background-repeat":"repeat","background-position":"center center","background-size":"auto","background-attachment":"scroll","background-type":"","background-media":"","overlay-type":"","overlay-color":"","overlay-opacity":"","overlay-gradient":""},"mobile":{"background-color":"var(--ast-global-color-5)","background-image":"","background-repeat":"repeat","background-position":"center center","background-size":"auto","background-attachment":"scroll","background-type":"","background-media":"","overlay-type":"","overlay-color":"","overlay-opacity":"","overlay-gradient":""}},"footnotes":""},"class_list":["post-401","page","type-page","status-publish","hentry"],"yoast_head":"<!-- This site is optimized with the Yoast SEO plugin v25.5 - https:\/\/yoast.com\/wordpress\/plugins\/seo\/ -->\n<title>Press -<\/title>\n<meta name=\"robots\" content=\"index, follow, max-snippet:-1, max-image-preview:large, max-video-preview:-1\" \/>\n<link rel=\"canonical\" href=\"https:\/\/air.esi.uclm.es\/rehab\/index.php\/contact\/\" \/>\n<meta property=\"og:locale\" content=\"es_ES\" \/>\n<meta property=\"og:type\" content=\"article\" \/>\n<meta property=\"og:title\" content=\"Press -\" \/>\n<meta property=\"og:description\" content=\"Press &amp; Media Mentions in press, television, and other media outlets Mentions Investigan una terapia virtual de rehabilitaci\u00f3n para lesionados medulares, La raz\u00f3n. Realidad virtual para tratar a parapl\u00e9jicos: una d\u00e9cada de disrupci\u00f3n sin fin en Toledo, invertia, El Espa\u00f1ol El HNP y la UCLM trabajan en una terapia virtual inmersiva para ayudar a rehabilitar [&hellip;]\" \/>\n<meta property=\"og:url\" content=\"https:\/\/air.esi.uclm.es\/rehab\/index.php\/contact\/\" \/>\n<meta property=\"article:modified_time\" content=\"2023-06-26T10:03:23+00:00\" \/>\n<meta name=\"twitter:card\" content=\"summary_large_image\" \/>\n<meta name=\"twitter:label1\" content=\"Tiempo de lectura\" \/>\n\t<meta name=\"twitter:data1\" content=\"2 minutos\" \/>\n<script type=\"application\/ld+json\" class=\"yoast-schema-graph\">{\"@context\":\"https:\/\/schema.org\",\"@graph\":[{\"@type\":\"WebPage\",\"@id\":\"https:\/\/air.esi.uclm.es\/rehab\/index.php\/contact\/\",\"url\":\"https:\/\/air.esi.uclm.es\/rehab\/index.php\/contact\/\",\"name\":\"Press -\",\"isPartOf\":{\"@id\":\"https:\/\/air.esi.uclm.es\/rehab\/#website\"},\"datePublished\":\"2019-03-19T13:42:23+00:00\",\"dateModified\":\"2023-06-26T10:03:23+00:00\",\"breadcrumb\":{\"@id\":\"https:\/\/air.esi.uclm.es\/rehab\/index.php\/contact\/#breadcrumb\"},\"inLanguage\":\"es\",\"potentialAction\":[{\"@type\":\"ReadAction\",\"target\":[\"https:\/\/air.esi.uclm.es\/rehab\/index.php\/contact\/\"]}]},{\"@type\":\"BreadcrumbList\",\"@id\":\"https:\/\/air.esi.uclm.es\/rehab\/index.php\/contact\/#breadcrumb\",\"itemListElement\":[{\"@type\":\"ListItem\",\"position\":1,\"name\":\"Portada\",\"item\":\"https:\/\/air.esi.uclm.es\/rehab\/\"},{\"@type\":\"ListItem\",\"position\":2,\"name\":\"Press\"}]},{\"@type\":\"WebSite\",\"@id\":\"https:\/\/air.esi.uclm.es\/rehab\/#website\",\"url\":\"https:\/\/air.esi.uclm.es\/rehab\/\",\"name\":\"Rehab-immersive project\",\"description\":\"\",\"publisher\":{\"@id\":\"https:\/\/air.esi.uclm.es\/rehab\/#organization\"},\"potentialAction\":[{\"@type\":\"SearchAction\",\"target\":{\"@type\":\"EntryPoint\",\"urlTemplate\":\"https:\/\/air.esi.uclm.es\/rehab\/?s={search_term_string}\"},\"query-input\":{\"@type\":\"PropertyValueSpecification\",\"valueRequired\":true,\"valueName\":\"search_term_string\"}}],\"inLanguage\":\"es\"},{\"@type\":\"Organization\",\"@id\":\"https:\/\/air.esi.uclm.es\/rehab\/#organization\",\"name\":\"University of Castilla-La Mancha and National Hospital of Paraplegic of Toledo\",\"url\":\"https:\/\/air.esi.uclm.es\/rehab\/\",\"logo\":{\"@type\":\"ImageObject\",\"inLanguage\":\"es\",\"@id\":\"https:\/\/air.esi.uclm.es\/rehab\/#\/schema\/logo\/image\/\",\"url\":\"https:\/\/air.esi.uclm.es\/rehab\/wp-content\/uploads\/2023\/06\/logo_air_hnpt_ministerio.png\",\"contentUrl\":\"https:\/\/air.esi.uclm.es\/rehab\/wp-content\/uploads\/2023\/06\/logo_air_hnpt_ministerio.png\",\"width\":450,\"height\":90,\"caption\":\"University of Castilla-La Mancha and National Hospital of Paraplegic of Toledo\"},\"image\":{\"@id\":\"https:\/\/air.esi.uclm.es\/rehab\/#\/schema\/logo\/image\/\"}}]}<\/script>\n<!-- \/ Yoast SEO plugin. -->","yoast_head_json":{"title":"Press -","robots":{"index":"index","follow":"follow","max-snippet":"max-snippet:-1","max-image-preview":"max-image-preview:large","max-video-preview":"max-video-preview:-1"},"canonical":"https:\/\/air.esi.uclm.es\/rehab\/index.php\/contact\/","og_locale":"es_ES","og_type":"article","og_title":"Press -","og_description":"Press &amp; Media Mentions in press, television, and other media outlets Mentions Investigan una terapia virtual de rehabilitaci\u00f3n para lesionados medulares, La raz\u00f3n. Realidad virtual para tratar a parapl\u00e9jicos: una d\u00e9cada de disrupci\u00f3n sin fin en Toledo, invertia, El Espa\u00f1ol El HNP y la UCLM trabajan en una terapia virtual inmersiva para ayudar a rehabilitar [&hellip;]","og_url":"https:\/\/air.esi.uclm.es\/rehab\/index.php\/contact\/","article_modified_time":"2023-06-26T10:03:23+00:00","twitter_card":"summary_large_image","twitter_misc":{"Tiempo de lectura":"2 minutos"},"schema":{"@context":"https:\/\/schema.org","@graph":[{"@type":"WebPage","@id":"https:\/\/air.esi.uclm.es\/rehab\/index.php\/contact\/","url":"https:\/\/air.esi.uclm.es\/rehab\/index.php\/contact\/","name":"Press -","isPartOf":{"@id":"https:\/\/air.esi.uclm.es\/rehab\/#website"},"datePublished":"2019-03-19T13:42:23+00:00","dateModified":"2023-06-26T10:03:23+00:00","breadcrumb":{"@id":"https:\/\/air.esi.uclm.es\/rehab\/index.php\/contact\/#breadcrumb"},"inLanguage":"es","potentialAction":[{"@type":"ReadAction","target":["https:\/\/air.esi.uclm.es\/rehab\/index.php\/contact\/"]}]},{"@type":"BreadcrumbList","@id":"https:\/\/air.esi.uclm.es\/rehab\/index.php\/contact\/#breadcrumb","itemListElement":[{"@type":"ListItem","position":1,"name":"Portada","item":"https:\/\/air.esi.uclm.es\/rehab\/"},{"@type":"ListItem","position":2,"name":"Press"}]},{"@type":"WebSite","@id":"https:\/\/air.esi.uclm.es\/rehab\/#website","url":"https:\/\/air.esi.uclm.es\/rehab\/","name":"Rehab-immersive project","description":"","publisher":{"@id":"https:\/\/air.esi.uclm.es\/rehab\/#organization"},"potentialAction":[{"@type":"SearchAction","target":{"@type":"EntryPoint","urlTemplate":"https:\/\/air.esi.uclm.es\/rehab\/?s={search_term_string}"},"query-input":{"@type":"PropertyValueSpecification","valueRequired":true,"valueName":"search_term_string"}}],"inLanguage":"es"},{"@type":"Organization","@id":"https:\/\/air.esi.uclm.es\/rehab\/#organization","name":"University of Castilla-La Mancha and National Hospital of Paraplegic of Toledo","url":"https:\/\/air.esi.uclm.es\/rehab\/","logo":{"@type":"ImageObject","inLanguage":"es","@id":"https:\/\/air.esi.uclm.es\/rehab\/#\/schema\/logo\/image\/","url":"https:\/\/air.esi.uclm.es\/rehab\/wp-content\/uploads\/2023\/06\/logo_air_hnpt_ministerio.png","contentUrl":"https:\/\/air.esi.uclm.es\/rehab\/wp-content\/uploads\/2023\/06\/logo_air_hnpt_ministerio.png","width":450,"height":90,"caption":"University of Castilla-La Mancha and National Hospital of Paraplegic of Toledo"},"image":{"@id":"https:\/\/air.esi.uclm.es\/rehab\/#\/schema\/logo\/image\/"}}]}},"_links":{"self":[{"href":"https:\/\/air.esi.uclm.es\/rehab\/index.php\/wp-json\/wp\/v2\/pages\/401","targetHints":{"allow":["GET"]}}],"collection":[{"href":"https:\/\/air.esi.uclm.es\/rehab\/index.php\/wp-json\/wp\/v2\/pages"}],"about":[{"href":"https:\/\/air.esi.uclm.es\/rehab\/index.php\/wp-json\/wp\/v2\/types\/page"}],"author":[{"embeddable":true,"href":"https:\/\/air.esi.uclm.es\/rehab\/index.php\/wp-json\/wp\/v2\/users\/1"}],"replies":[{"embeddable":true,"href":"https:\/\/air.esi.uclm.es\/rehab\/index.php\/wp-json\/wp\/v2\/comments?post=401"}],"version-history":[{"count":15,"href":"https:\/\/air.esi.uclm.es\/rehab\/index.php\/wp-json\/wp\/v2\/pages\/401\/revisions"}],"predecessor-version":[{"id":25532,"href":"https:\/\/air.esi.uclm.es\/rehab\/index.php\/wp-json\/wp\/v2\/pages\/401\/revisions\/25532"}],"wp:attachment":[{"href":"https:\/\/air.esi.uclm.es\/rehab\/index.php\/wp-json\/wp\/v2\/media?parent=401"}],"curies":[{"name":"wp","href":"https:\/\/api.w.org\/{rel}","templated":true}]}}